{"id":339,"date":"2014-07-10T04:53:12","date_gmt":"2014-07-10T03:53:12","guid":{"rendered":"http:\/\/soupizet.net\/"},"modified":"2022-05-01T18:57:57","modified_gmt":"2022-05-01T17:57:57","slug":"home","status":"publish","type":"page","link":"http:\/\/soupizet.net\/","title":{"rendered":"Jean-Fran\u00e7ois Soupizet"},"content":{"rendered":"<p><strong><a href=\"http:\/\/soupizet.net\/wp-content\/uploads\/jean-francois-soupizet.jpg\"><img loading=\"lazy\" class=\"alignleft size-medium wp-image-326\" title=\"jean-francois-soupizet\" src=\"http:\/\/soupizet.net\/wp-content\/uploads\/jean-francois-soupizet-247x300.jpg\" alt=\"\" width=\"247\" height=\"300\" srcset=\"http:\/\/soupizet.net\/wp-content\/uploads\/jean-francois-soupizet-247x300.jpg 247w, http:\/\/soupizet.net\/wp-content\/uploads\/jean-francois-soupizet-164x200.jpg 164w, http:\/\/soupizet.net\/wp-content\/uploads\/jean-francois-soupizet.jpg 300w\" sizes=\"(max-width: 247px) 100vw, 247px\" \/><\/a>JF Soupizet est actuellement consultant en d\u00e9veloppement international et strat\u00e9gies num\u00e9riques.<\/strong><br \/>\nJean-Fran\u00e7ois Soupizet, ancien \u00e9l\u00e8ve de l\u2019Ecole Nationale de Statistiques et d\u2019Administration Economique (ENSAE), docteur en \u00e9conomie de l\u2019Universit\u00e9 Libre de Bruxelles (ULB), membre de Futuribles international, a consacr\u00e9 sa carri\u00e8re aux technologies de l\u2019information et de la communication (TIC) dans le contexte du d\u00e9veloppement.<\/p>\n<p>B\u00e9n\u00e9ficiant d\u2019une exp\u00e9rience acquise avec la Coop\u00e9ration fran\u00e7aise puis dans le syst\u00e8me des Nations Unies et enfin \u00e0 la Commission europ\u00e9enne, il a \u00e9t\u00e9 notamment \u00e0 l\u2019origine de plusieurs programmes de coop\u00e9ration avec l\u2019Am\u00e9rique latine et la M\u00e9diterran\u00e9e. Depuis 2000, il a contribu\u00e9 tout particuli\u00e8rement aux positions communautaires pour le Sommet Mondial sur la Soci\u00e9t\u00e9 de l\u2019Information (SMSI Gen\u00e8ve, d\u00e9cembre 2003; Tunis, novembre 2005). JF Soupizet a exerc\u00e9 les fonctions de chef de l\u2019unit\u00e9 internationale de la Direction G\u00e9n\u00e9rale Soci\u00e9t\u00e9 de l\u2019Information et M\u00e9dias de la Commission Europ\u00e9enne de 2006 \u00e0 2010.<\/p>\n<p style=\"text-align: center;\"><iframe loading=\"lazy\" src=\"https:\/\/www.youtube.com\/embed\/y_ih6NF_mzw\" width=\"560\" height=\"315\" frameborder=\"0\" allowfullscreen=\"allowfullscreen\"><\/iframe><\/p>\n<h1><span style=\"color: #170508;\">Nouvelles<\/span><\/h1>\n<h3><span style=\"color: #800000; font-weight: normal;\">Missions, \u00e9tudes (2018-2021)<\/span><\/h3>\n<ul>\n<li><strong>Prospective deladonn\u00e9e spatiale, <\/strong>\u00e9tude en cours avec Futuribles pour le CentreNational d\u2019\u00c9tudes Spatiales-CNES.<\/li>\n<li><strong>L\u2019Intelligence artificielle au service de la pr\u00e9vention des risques professionnels<\/strong>, \u00e9tude en cours avec Futuribles, pour l\u2019INRS.<\/li>\n<li><strong>L\u2019Intelligence artificielle dans le secteur assuranciel<\/strong> avec l\u2019Externado de Colombie, pour le Groupe d\u2019assurance SURA.<\/li>\n<\/ul>\n<h3><span style=\"color: #800000; font-weight: normal;\">Analyses prospectives (2022)<\/span><\/h3>\n<ul>\n<li><strong>\u00abLes satellites de basse orbite\u00bb<\/strong> analyse prospective Futuribles mise en ligne le 1er mars 2022.<\/li>\n<li><strong>\u00abLes g\u00e9ants du Net face aux \u00c9tats\u00bb<\/strong>, analyse prospective qui a donn\u00e9 lieu \u00e0 lapublication dans la revue Futuribles (25 ao\u00fbt 2021) et\u00e0 une table ronde avec le CIGREF et la CNIL sur les questions r\u00e9glementaires (14 septembre 2021).<\/li>\n<\/ul>\n<h3><span style=\"color: #800000; font-weight: normal;\">Publications, conf\u00e9rences et enseignement et autres (2018-2022)<\/span><\/h3>\n<ul>\n<li data-index=\"0\">\n<div id=\"pageContainer1\" class=\"_page_1mqhw_95 \" data-index=\"0\"><strong>Professeur invit\u00e9 de l\u2019Externado de Colombie<\/strong> dans la ma\u00eetrise de prospective du \u00abCentro de Pensamiento Estrategico y Prospectiva\u00bb de la facult\u00e9 d\u2019administration des entreprises (module de 24 H dans la ma\u00eetrise \u00e0 raison de 2 sessions annuelles depuis 2015;\u00a0 la derni\u00e8re session date des 21-23 avril 2022).<\/div>\n<\/li>\n<li data-index=\"0\">\n<div id=\"pageContainer1\" class=\"_page_1mqhw_95 \" data-index=\"0\"><strong>\u00abIntelligence artificielle et nouvelles souverainet\u00e9s\u00bb<\/strong> chapitre 22 de \u00abL\u2019IA, vivre avec\u00bb Ouvrage collectif sous l\u2019\u00e9gide de la Commission fran\u00e7aise pour l\u2019UNESCO, publi\u00e9 en Avril 2022.<\/div>\n<\/li>\n<li data-index=\"0\"><strong>Le metavers, le nouveau pari de Marc Zuckerberg, <\/strong>Janvier 2022.<\/li>\n<li data-index=\"1\">\n<div id=\"pageContainer2\" class=\"_page_1mqhw_95 \" data-index=\"1\"><strong>Mes donn\u00e9es, Ma sant\u00e9,<\/strong> recension publi\u00e9e novembre 2021.<\/div>\n<\/li>\n<li data-index=\"1\">\n<div id=\"pageContainer2\" class=\"_page_1mqhw_95 \" data-index=\"1\"><strong>\u00abLe num\u00e9rique au service des Territoires durables\u00bb<\/strong> Conf\u00e9rence inaugurale des rencontres Nationales de l\u2019ing\u00e9nierie Territoriale savec Hugues de Jouvenel, Montpellier 4 mai 2021.<\/div>\n<\/li>\n<li data-index=\"1\">\n<div id=\"pageContainer2\" class=\"_page_1mqhw_95 \" data-index=\"1\"><strong>G\u00e9opolitique de l\u2019intelligence artificielle, <\/strong>recension publi\u00e9e le 12 mars 2021.<\/div>\n<\/li>\n<li data-index=\"1\">\n<div id=\"pageContainer2\" class=\"_page_1mqhw_95 \" data-index=\"1\"><strong>GAFA. Reprenons le pouvoir!<\/strong> recension publi\u00e9e 15 f\u00e9vrier 2021.<\/div>\n<\/li>\n<li data-index=\"1\">\n<div id=\"pageContainer2\" class=\"_page_1mqhw_95 \" data-index=\"1\"><strong>Pour une prospective des Villes intelligentes,<\/strong> s\u00e9minaire de la ma\u00eetrise sur les villes intelligentes de l\u2019Universit\u00e9 de Bourgogne, 2020 et novembre 2021.<\/p>\n<hr \/>\n<h2><span style=\"color: #454545;\">2018 &#8211; 2016<\/span><\/h2>\n<\/div>\n<\/li>\n<li><strong>Janvier 2018<\/strong> Publication de Alphabet \u00e0 Toronto: une relance de la smart city? Futuribles n\u00b0 422 Janvier f\u00e9vrier 2018. Article repris par la revue Urbanisme dans son num\u00e9ro 407 Hiver 2017<\/li>\n<li><strong>14 \u2013 15 d\u00e9cembre 2017<\/strong> au si\u00e8ge de Futuribles \u00e0 Paris Co-organisateur et co-animateur du s\u00e9minaire\u00a0: Le num\u00e9rique et les m\u00e9tiers de la fabrique urbaine. Comment ils sont menac\u00e9s. Comment ils se\u00a0r\u00e9inventent.<br \/>\n<a href=\"https:\/\/www.futuribles.com\/fr\/formation\/le-numerique-et-les-metiers-de-la-fabrique-urbaine\/\" target=\"_blank\" rel=\"noopener noreferrer\">https:\/\/www.futuribles.com\/fr\/formation\/le-numerique-et-les-metiers-de-la-fabrique-urbaine\/<\/a><\/li>\n<li><strong>11 d\u00e9cembre 2017<\/strong> Publication de l\u2019analyse critique du livre de Romain Badouart Le d\u00e9senchantement de l\u2019Internet<\/li>\n<li><strong>4 octobre 2017<\/strong> Conf\u00e9rencier invit\u00e9 par l\u2019Association \u00e9tudiante ASAP \u00e0 Poitiers<\/li>\n<\/ul>\n<p><a href=\"http:\/\/soupizet.net\/wp-content\/uploads\/AsapClub_As-smar-as-possible.png\"><img loading=\"lazy\" class=\"wp-image-1575  aligncenter\" src=\"http:\/\/soupizet.net\/wp-content\/uploads\/AsapClub_As-smar-as-possible.png\" alt=\"\" width=\"521\" height=\"387\" srcset=\"http:\/\/soupizet.net\/wp-content\/uploads\/AsapClub_As-smar-as-possible.png 945w, http:\/\/soupizet.net\/wp-content\/uploads\/AsapClub_As-smar-as-possible-200x149.png 200w, http:\/\/soupizet.net\/wp-content\/uploads\/AsapClub_As-smar-as-possible-300x223.png 300w, http:\/\/soupizet.net\/wp-content\/uploads\/AsapClub_As-smar-as-possible-768x571.png 768w\" sizes=\"(max-width: 521px) 100vw, 521px\" \/><\/a><\/p>\n<ul>\n<li><strong>24-26 ao\u00fbt 2017<\/strong>\u00a0Professeur invit\u00e9 par l\u2019Externado de Colombie \u2013 Ma\u00eetrise de prospective, s\u00e9minaire d\u2019approfondissement (Promotion 14)<\/li>\n<li><strong>Juillet 2017<\/strong> Publication de l\u2019analyse critique de livre de Cathy O\u2019Neil, Weapons of Maths Destruction How Big Data is Increasing Inequalities, Futuribles n\u00b0 419 Juillet Aout 2017<\/li>\n<li><strong>27 juin 2017<\/strong> Conf\u00e9rencier invit\u00e9 au colloque <strong>Ciudades y Democracia Digital<\/strong> organis\u00e9 par la Fondation Federico Henrique Cardoso \u00e0 Sao Paulo au Br\u00e9sil.<\/li>\n<li><strong>11 mai 2017<\/strong> Conf\u00e9rencier invit\u00e9 au colloque <strong>Territoires &amp; Mobilit\u00e9<\/strong>s organis\u00e9 par Urban Passion au centre BOZAR \u00e0 Bruxelles.<\/li>\n<li><strong>15 mars 2017<\/strong> Conf\u00e9rence sur les objets connect\u00e9s \u00e0 l\u2019UNICOMFACAUCA, Universit\u00e9 \u00e0 Popayan Colombie.<\/li>\n<li><strong>16 \u2013 18 mars 2017<\/strong> Professeur invit\u00e9 par l\u2019Externado de Colombie &#8211; Ma\u00eetrise de prospective s\u00e9minaire d\u2019approfondissement (Promotion 13)<\/li>\n<li><strong>21 Octobre 2016<\/strong> Intervention au colloque \u00ab\u00a0Le ph\u00e9nom\u00e8ne urbain\u00a0: un atout pour le futur\u00a0\u00bb, organis\u00e9 par la D\u00e9l\u00e9gation \u00e0 la prospective du S\u00e9nat fran\u00e7ais Palais du Luxembourg Paris <a href=\"http:\/\/www.senat.fr\/notice-rapport\/2016\/r16-117-notice.html\" target=\"_blank\" rel=\"noopener noreferrer\">http:\/\/www.senat.fr\/notice-rapport\/2016\/r16-117-notice.html<\/a><\/li>\n<li><strong>Octobre 2016<\/strong> parution de la Note de prospective sur la gouvernance de l\u2019internet co-r\u00e9dig\u00e9e avec Andr\u00e9-Yves Portnoff<br \/>\n<a href=\"https:\/\/www.futuribles.com\/fr\/\" target=\"_blank\" rel=\"noopener noreferrer\">https:\/\/www.futuribles.com\/fr\/<\/a><\/li>\n<li><strong>13 Octobre 2016<\/strong> Intervention dans le cadre des <strong>Journ\u00e9es de l\u2019intelligence territoriale<\/strong> organis\u00e9es par \u2019Association des Ing\u00e9nieurs Territoriaux Fran\u00e7ais (AITF) \u2013 Provence La Ciotat<\/li>\n<li><strong>19-20 Septembre 2016<\/strong> Intervention sur les smart cities au <strong>Global Forum<\/strong>, shaping the future Eindhoven Pays Bas<br \/>\n<a href=\"http:\/\/globalforum.items-int.com\/global-forums\/global-forum-2016-digitalization-the-global-transformation-eindhoven-netherlands\/\" target=\"_blank\" rel=\"noopener noreferrer\">http:\/\/globalforum.items-int.com\/global-forums\/global-forum-2016-digitalization-the-global-transformation-eindhoven-netherlands\/<\/a><\/li>\n<li><strong>Septembre 2016<\/strong> parution de l\u2019article les villes intelligentes entre exp\u00e9rimentations et utopies. Revue futuribles N\u00b0 414 <strong><strong>Les nouvelles utopies urbaines<\/strong><\/strong><\/li>\n<li><strong>25-27 Aout 2016<\/strong> Professeur invit\u00e9 par l\u2019Externado de Colombie &#8211; Ma\u00eetrise de prospective s\u00e9minaire d\u2019approfondissement (Promotion 12)<\/li>\n<li><strong>Juillet 2016<\/strong> Parution de la Note de prospective <strong>Quelles perspectives pour les objets connect\u00e9s et l\u2019Internet des Objets \u00e0 l\u2019horizon 2025\u00a0?<br \/>\n<\/strong><a href=\"https:\/\/www.futuribles.com\/fr\/\" target=\"_blank\" rel=\"noopener noreferrer\">https:\/\/www.futuribles.com\/fr\/<\/a><\/li>\n<li><strong>4 au 9 Juillet 2916<\/strong> coordination p\u00e9dagogique visite acad\u00e9mique des \u00e9tudiants \u00a0de ma\u00eetrise de prospective del&#8217;Externado de Bogota \u00e0 Paris<\/li>\n<li><strong>10, 11 et 12 Mars 2016 <\/strong>S\u00e9minaire de prospective au &#8220;Centro de Pensamiento estrategico&#8221; de l&#8217;Universit\u00e9 Externado de Bogota (Colombie).<\/li>\n<li><strong>14 Janvier 2016 <\/strong>Intervention sur les villes intelligentes \u00e0 la pr\u00e9sentation du rapport Vigie 2016<\/li>\n<li><strong>Janvier 2016 <\/strong>Engagement de l&#8217;\u00e9laboration d &#8216;une note de r\u00e9flexion prospective sur l&#8217;Internet des objets.<\/li>\n<\/ul>\n<hr \/>\n<div id=\"_mcePaste\">\n<p class=\"p1\"><strong>Nomination au Comit\u00e9 scientifique de l&#8217;\u00e9tude &#8220;cyber s\u00e9curit\u00e9 et entreprises&#8221;men\u00e9e par Futuribles international.<\/strong><\/p>\n<\/div>\n<p><a href=\"http:\/\/soupizet.net\/etudes\">Lire la suite<\/a><\/p>\n<hr \/>\n<p><strong>Notes de lectures:<\/strong><\/p>\n<p><strong>Smarter Cities for a Bright Sustainable Future: A Global Perspective par Alan S. Shark, Sylviane Toporkoff, S\u00e9bastien Levy, Public Technology Institute and Items International Publisher Washington, DC Paris France <\/strong><\/p>\n<p>Cet ouvrage collectif regroupe vingt-sept contributions de la part d\u2019acteurs qui apportent autant d\u2019\u00e9clairages diff\u00e9rents sur la raison d\u2019\u00eatre des <em>Smart Cities ou villes intelligentes<\/em>, les technologies qu\u2019elles mobilisent, les domaines d\u2019application qu\u2019elles prennent en charge, les modalit\u00e9s des r\u00e9alisations en cours et les perspectives qu\u2019elles ouvrent. Note publi\u00e9e sur le blog www.egeablog.net.<\/p>\n<p><strong>Smart cities, Th\u00e9orie et critique d\u2019un id\u00e9al auto-r\u00e9alisateur, Antoine Picon Editions B2 Collection actualit\u00e9s, Octobre 2013<\/strong><\/p>\n<p>Dans ce bref essai l&#8217;auteur, ing\u00e9nieur, architecte et docteur en histoire questionne le concept de <em>smart city<\/em> ou ville intelligente dans sa traduction fran\u00e7aise (texte publi\u00e9 dans la bibliographie prospective de Futuribles).<\/p>\n<hr \/>\n<p><strong>Participation au Global Forum, Driving the Digital Future.<\/strong><\/p>\n<p>JF Soupizet, membre du Comit\u00e9 scientifique du Forum a particip\u00e9 \u00e0 l&#8217;\u00e9dition 2013 du Forum qui\u00a0<span style=\"color: #333333; font-family: Arial, Helvetica, sans-serif; font-size: 14px; line-height: 24px; background-color: #fffdf7;\">s\u2019est tenue les 28 et 29 <\/span><span style=\"color: #333333; font-family: Arial, Helvetica, sans-serif; font-size: 14px; line-height: 24px; background-color: #fffdf7;\">octobre \u00e0 Trieste (Italie).<\/span><\/p>\n<hr \/>\n<p><strong>Participation \u00e0 Infopoverty World Conference 2012<br \/>\n<\/strong>Dans le cadre de sa collaboration b\u00e9n\u00e9vole avec Close-the-Gap en qualit\u00e9 de conseiller principal, JF Soupizet est intervenu le 23 Mars dans la XII\u00b0 Conf\u00e9rnce mondiale <a href=\"http:\/\/web.archive.org\/web\/20140101234510\/http:\/\/www.infopoverty.net\/\">INFOPOVERTY<\/a> qui s\u2019est tenue simultan\u00e9ment \u00e0 New York au si\u00e8ge des Nations Unies et \u00e0 Milan. A cette occasion il a pr\u00e9sent\u00e9 l\u2019Organisation et manifest\u00e9 la disponibilit\u00e9 et l\u2019int\u00e9r\u00eat de celle-ci pour coop\u00e9rer avec d\u2019autres acteurs du d\u00e9veloppement sur une base projet par projet.<\/p>\n<p><a href=\"http:\/\/soupizet.net\/developpement-international\/\">Lire la suite<\/a><\/p>\n<p><a href=\"http:\/\/web.archive.org\/web\/20140101234510\/http:\/\/soupizet.net\/consultations\/\">\u00a0<\/a><\/p>\n","protected":false},"excerpt":{"rendered":"<p>JF Soupizet est actuellement consultant en d\u00e9veloppement international et strat\u00e9gies num\u00e9riques. Jean-Fran\u00e7ois Soupizet, ancien \u00e9l\u00e8ve de l\u2019Ecole Nationale de Statistiques et d\u2019Administration Economique (ENSAE), docteur &hellip; <span class=\"read-more-link\"><a class=\"read-more\" href=\"http:\/\/soupizet.net\/\">Read More &rsaquo;<\/a><\/span><\/p>\n","protected":false},"author":1,"featured_media":0,"parent":0,"menu_order":0,"comment_status":"closed","ping_status":"closed","template":"","meta":[],"_links":{"self":[{"href":"http:\/\/soupizet.net\/index.php?rest_route=\/wp\/v2\/pages\/339"}],"collection":[{"href":"http:\/\/soupizet.net\/index.php?rest_route=\/wp\/v2\/pages"}],"about":[{"href":"http:\/\/soupizet.net\/index.php?rest_route=\/wp\/v2\/types\/page"}],"author":[{"embeddable":true,"href":"http:\/\/soupizet.net\/index.php?rest_route=\/wp\/v2\/users\/1"}],"replies":[{"embeddable":true,"href":"http:\/\/soupizet.net\/index.php?rest_route=%2Fwp%2Fv2%2Fcomments&post=339"}],"version-history":[{"count":83,"href":"http:\/\/soupizet.net\/index.php?rest_route=\/wp\/v2\/pages\/339\/revisions"}],"predecessor-version":[{"id":1646,"href":"http:\/\/soupizet.net\/index.php?rest_route=\/wp\/v2\/pages\/339\/revisions\/1646"}],"wp:attachment":[{"href":"http:\/\/soupizet.net\/index.php?rest_route=%2Fwp%2Fv2%2Fmedia&parent=339"}],"curies":[{"name":"wp","href":"https:\/\/api.w.org\/{rel}","templated":true}]}}