{"id":2,"date":"2010-12-13T18:02:20","date_gmt":"2010-12-13T17:02:20","guid":{"rendered":"http:\/\/soupizet.net\/beta2\/?page_id=2"},"modified":"2022-04-21T17:13:58","modified_gmt":"2022-04-21T16:13:58","slug":"cv","status":"publish","type":"page","link":"http:\/\/soupizet.net\/?page_id=2","title":{"rendered":"CV"},"content":{"rendered":"<table border=\"0\" cellspacing=\"0\" cellpadding=\"0\" width=\"100%\">\n<tbody>\n<tr>\n<td colspan=\"2\" valign=\"top\"><span style=\"color: #990101;\"><span style=\"font-size: 1.2em;\"><a href=\"http:\/\/soupizet.net\/beta2\/wp-content\/uploads\/soupizet_low_res.png\"><img loading=\"lazy\" class=\"size-full wp-image-160 alignleft\" style=\"margin-left: 10px; margin-right: 15px; margin-top: 0px; margin-bottom: 50px; border: 1px solid #333333;\" title=\"Jean Francois Soupizet\" src=\"http:\/\/soupizet.net\/beta2\/wp-content\/uploads\/soupizet_low_res.png\" alt=\"\" width=\"80\" height=\"100\" \/><\/a>Fonctions Actuelles<\/p>\n<p><span style=\"color: #333333;\">Consultant<\/span><\/p>\n<p><span style=\"color: #990101;\"><span style=\"font-size: 1.2em;\">Formation<\/span><\/span><br \/>\n<span style=\"color: #333333;\">Docteur en \u00e9conomie, Universit\u00e9 Libre de Bruxelles.<\/span><span style=\"color: #333333;\"> <\/span><span style=\"color: #333333;\">Ancien El\u00e8ve de l&#8217;Ecole Nationale de Statistique et d&#8217;Administration Economique (Paris 1969)<\/span><\/p>\n<p><\/span><\/span><\/td>\n<\/tr>\n<tr>\n<td colspan=\"2\"><span style=\"color: #990101;\"><span style=\"font-size: 1.2em;\">Carri\u00e8re Professionnelle <\/span><\/span><\/td>\n<\/tr>\n<tr>\n<td width=\"20%\" valign=\"top\"><span style=\"font-size: 1.4em;\"><span style=\"color: #808080;\">2006-2010<\/span><\/span><\/td>\n<td width=\"80%\">Chef de l&#8217;unit\u00e9 Relations Internationales, Direction G\u00e9n\u00e9rale Soci\u00e9t\u00e9 de l&#8217;Information et M\u00e9dias, Commission Europ\u00e9enne, Bruxelles.<\/td>\n<\/tr>\n<tr>\n<td valign=\"top\"><span style=\"font-size: 1.4em;\"><span style=\"color: #808080;\">2000-2005<\/span><\/span><\/td>\n<td>Chef Adjoint de l\u2019unit\u00e9 Relations internationales, Direction G\u00e9n\u00e9rale Soci\u00e9t\u00e9 de l&#8217;Information et M\u00e9dias, Commission Europ\u00e9enne, Bruxelles.<\/td>\n<\/tr>\n<tr>\n<td valign=\"top\"><span style=\"font-size: 1.4em;\"><span style=\"color: #808080;\">1999-2000<\/span><\/span><\/td>\n<td>Chef Adjoint de l\u2019unit\u00e9 Aspects r\u00e9gionaux et diffusion internationale de la soci\u00e9t\u00e9 de l\u2019information<\/td>\n<\/tr>\n<tr>\n<td valign=\"top\"><span style=\"font-size: 1.4em;\"><span style=\"color: #808080;\">1996-1999<\/span><\/span><\/td>\n<td>Chef du secteur Pays en d\u00e9veloppement de l&#8217;Unit\u00e9 Aspects internationaux de la soci\u00e9t\u00e9 de l&#8217;information et des t\u00e9l\u00e9communications, DG XIII T\u00e9l\u00e9communication, March\u00e9s de l&#8217;Information et Valorisation de la Recherche, Commission europ\u00e9enne, Bruxelles.<\/td>\n<\/tr>\n<tr>\n<td valign=\"top\"><span style=\"font-size: 1.4em;\"><span style=\"color: #808080;\">1990-1996<\/span><\/span><\/td>\n<td>Administrateur principal, DG XIII T\u00e9l\u00e9communication, March\u00e9s de l&#8217;Information et Valorisation de la Recherche, Commission europ\u00e9enne, Bruxelles.<\/td>\n<\/tr>\n<tr>\n<td valign=\"top\"><span style=\"font-size: 1.4em;\"><span style=\"color: #808080;\">1988-1989<\/span><\/span><\/td>\n<td>Attach\u00e9 scientifique aupr\u00e8s du Consulat G\u00e9n\u00e9ral de France, Qu\u00e9bec,<\/td>\n<\/tr>\n<tr>\n<td valign=\"top\"><span style=\"font-size: 1.4em;\"><span style=\"color: #808080;\">1987-1988<\/span><\/span><\/td>\n<td>Senior Consultant, Futuribles International, Paris<\/td>\n<\/tr>\n<tr>\n<td valign=\"top\"><span style=\"font-size: 1.4em;\"><span style=\"color: #808080;\">1981-1987<\/span><\/span><\/td>\n<td>Directeur de la coop\u00e9ration, Bureau Intergouvernemental pour l&#8217;Informatique (IBI), Rome<\/td>\n<\/tr>\n<tr>\n<td valign=\"top\"><span style=\"font-size: 1.4em;\"><span style=\"color: #808080;\">1977-1980<\/span><\/span><\/td>\n<td>Assistant du directeur G\u00e9n\u00e9ral, Bureau Intergouvernemental pour l&#8217;Informatique (IBI), Rome<\/td>\n<\/tr>\n<tr>\n<td valign=\"top\"><span style=\"font-size: 1.4em;\"><span style=\"color: #808080;\">1971-1977<\/span><\/span><\/td>\n<td>Charg\u00e9 de mission aupr\u00e8s de la cellule de D\u00e9veloppement de l&#8217;Informatique dans l&#8217;Administration (GRADIA) du Minist\u00e8re fran\u00e7ais de la Coop\u00e9ration<\/td>\n<\/tr>\n<tr>\n<td valign=\"top\"><span style=\"font-size: 1.4em;\"><span style=\"color: #808080;\">1969-1970<\/span><\/span><\/td>\n<td>Professeur de statistiques \u00e0 l\u2019Ecole Inter-\u00e9tats de statistiques d\u2019Abidjan<\/td>\n<\/tr>\n<\/tbody>\n<\/table>\n","protected":false},"excerpt":{"rendered":"<p>Fonctions Actuelles Consultant Formation Docteur en \u00e9conomie, Universit\u00e9 Libre de Bruxelles. Ancien El\u00e8ve de l&#8217;Ecole Nationale de Statistique et d&#8217;Administration Economique (Paris 1969) Carri\u00e8re Professionnelle &hellip; <span class=\"read-more-link\"><a class=\"read-more\" href=\"http:\/\/soupizet.net\/?page_id=2\">Read More &rsaquo;<\/a><\/span><\/p>\n","protected":false},"author":1,"featured_media":0,"parent":0,"menu_order":2,"comment_status":"closed","ping_status":"closed","template":"","meta":[],"_links":{"self":[{"href":"http:\/\/soupizet.net\/index.php?rest_route=\/wp\/v2\/pages\/2"}],"collection":[{"href":"http:\/\/soupizet.net\/index.php?rest_route=\/wp\/v2\/pages"}],"about":[{"href":"http:\/\/soupizet.net\/index.php?rest_route=\/wp\/v2\/types\/page"}],"author":[{"embeddable":true,"href":"http:\/\/soupizet.net\/index.php?rest_route=\/wp\/v2\/users\/1"}],"replies":[{"embeddable":true,"href":"http:\/\/soupizet.net\/index.php?rest_route=%2Fwp%2Fv2%2Fcomments&post=2"}],"version-history":[{"count":64,"href":"http:\/\/soupizet.net\/index.php?rest_route=\/wp\/v2\/pages\/2\/revisions"}],"predecessor-version":[{"id":1615,"href":"http:\/\/soupizet.net\/index.php?rest_route=\/wp\/v2\/pages\/2\/revisions\/1615"}],"wp:attachment":[{"href":"http:\/\/soupizet.net\/index.php?rest_route=%2Fwp%2Fv2%2Fmedia&parent=2"}],"curies":[{"name":"wp","href":"https:\/\/api.w.org\/{rel}","templated":true}]}}